{"id":7114,"date":"2020-02-11T09:50:57","date_gmt":"2020-02-11T14:50:57","guid":{"rendered":"https:\/\/go.trader.ca\/?page_id=7114"},"modified":"2025-12-23T13:37:40","modified_gmt":"2025-12-23T18:37:40","slug":"recompensescommercants","status":"publish","type":"page","link":"https:\/\/go.trader.ca\/fr\/recompensescommercants\/","title":{"rendered":"Reconnaissance du meilleur prix AutoHebdo 2025"},"content":{"rendered":"<div class=\"wpb-content-wrapper\"><p>[vc_row full_width=\u00a0\u00bbstretch_row\u00a0\u00bb parallax=\u00a0\u00bbcontent-moving\u00a0\u00bb css=\u00a0\u00bb.vc_custom_1713449206007{padding-top: 50px !important;padding-bottom: 50px !important;background-color: #ed1c24 !important;background-position: center;background-repeat: no-repeat !important;background-size: cover !important;}\u00a0\u00bb][vc_column][vc_row_inner equal_height=\u00a0\u00bbyes\u00a0\u00bb content_placement=\u00a0\u00bbmiddle\u00a0\u00bb gap=\u00a0\u00bb20&Prime;][vc_column_inner][vc_column_text]<\/p>\n<h2 style=\"color: #ffffff; text-align: center;\">Reconnaissance des commer\u00e7ants automobiles du Canada qui offrent des prix justes et transparents sur AutoHebdo.net<\/h2>\n<p>[\/vc_column_text][\/vc_column_inner][\/vc_row_inner][\/vc_column][\/vc_row][vc_row full_width=\u00a0\u00bbstretch_row\u00a0\u00bb gap=\u00a0\u00bb20&Prime; equal_height=\u00a0\u00bbyes\u00a0\u00bb content_placement=\u00a0\u00bbmiddle\u00a0\u00bb parallax=\u00a0\u00bbcontent-moving\u00a0\u00bb css=\u00a0\u00bb.vc_custom_1741894986522{padding-top: 50px !important;padding-bottom: 50px !important;background-color: #ffffff !important;background-position: center;background-repeat: no-repeat !important;background-size: cover !important;}\u00a0\u00bb][vc_column width=\u00a0\u00bb2\/3&Prime;][vc_column_text css_animation=\u00a0\u00bbleft-to-right\u00a0\u00bb]La reconnaissance Vot\u00e9 meilleur prix AutoHebdo.net met en vedette les marchands et concessionnaires dont les annonces obtiennent le plus souvent une mention \u00ab\u202fmeilleur prix\u202f\u00bb, tout au long de l\u2019ann\u00e9e! Cette r\u00e9compense prestigieuse t\u00e9moigne de votre engagement \u00e0 proposer des prix transparents et une valeur exceptionnelle aux magasineurs automobiles canadiens.<\/p>\n<p>L\u2019obtention de cette reconnaissance t\u00e9moigne non seulement de vos efforts en mati\u00e8re de prix, mais aussi de votre engagement \u00e0 proposer une valeur difficile \u00e0 battre sur la plus grande et r\u00e9put\u00e9e place d\u2019affaires automobile en ligne au pays. Cette reconnaissance capte l\u2019attention des acheteurs d\u2019automobiles canadiens, ainsi que celle du reste de l\u2019industrie automobile, ce qui consolide votre position de leader en mati\u00e8re d\u2019offre de prix concurrentiels et d\u2019excellente valeur.[\/vc_column_text][\/vc_column][vc_column width=\u00a0\u00bb1\/3&Prime;][vc_single_image image=\u00a0\u00bb13319&Prime; img_size=\u00a0\u00bbmedium\u00a0\u00bb alignment=\u00a0\u00bbcenter\u00a0\u00bb css_animation=\u00a0\u00bbright-to-left\u00a0\u00bb][\/vc_column][\/vc_row][vc_row full_width=\u00a0\u00bbstretch_row\u00a0\u00bb parallax=\u00a0\u00bbcontent-moving\u00a0\u00bb css=\u00a0\u00bb.vc_custom_1655827526631{padding-top: 50px !important;padding-bottom: 50px !important;background-color: #f6f7f8 !important;background-position: center;background-repeat: no-repeat !important;background-size: cover !important;}\u00a0\u00bb][vc_column][vc_row_inner equal_height=\u00a0\u00bbyes\u00a0\u00bb content_placement=\u00a0\u00bbmiddle\u00a0\u00bb gap=\u00a0\u00bb20&Prime;][vc_column_inner width=\u00a0\u00bb1\/2&Prime;][vc_single_image image=\u00a0\u00bb13321&Prime; img_size=\u00a0\u00bb300&#215;272&Prime; alignment=\u00a0\u00bbcenter\u00a0\u00bb css_animation=\u00a0\u00bbappear\u00a0\u00bb][\/vc_column_inner][vc_column_inner width=\u00a0\u00bb1\/2&Prime;][vc_column_text]<\/p>\n<h2 style=\"color: #3e3e3e;\">Quels sont les crit\u00e8res \u00e0 satisfaire pour se m\u00e9riter un tel prix?<\/h2>\n<p>[\/vc_column_text][vc_empty_space height=\u00a0\u00bb30px\u00a0\u00bb][vc_column_text]Les donn\u00e9es sur les prix, que nous collectons en temps r\u00e9el, permettent d\u2019\u00e9tablir le classement des commerces automobiles dont le plus grand pourcentage d\u2019annonces se m\u00e9rite une mention \u00ab\u202fBon prix\u202f\u00bb ou \u00ab\u202fSuper prix\u202f\u00bb pendant la p\u00e9riode de r\u00e9f\u00e9rence, dans leur province. Nous consid\u00e9rons aussi divers autres facteurs secondaires, comme la taille de votre inventaire et le type de commerce (marchand ind\u00e9pendant ou concessionnaire). Au final, ce sont les commerces automobiles dont une proportion suffisante de leurs annonces obtient r\u00e9guli\u00e8rement ces mentions qui se m\u00e9ritent la reconnaissance Vot\u00e9 meilleur prix AutoHebdo.[\/vc_column_text][\/vc_column_inner][\/vc_row_inner][\/vc_column][\/vc_row][vc_row full_width=\u00a0\u00bbstretch_row\u00a0\u00bb css=\u00a0\u00bb.vc_custom_1655827533765{padding-top: 50px !important;padding-bottom: 50px !important;background-color: #ffffff !important;}\u00a0\u00bb][vc_column][vc_column_text]<\/p>\n<h2 style=\"text-align: center; color: #3e3e3e;\">La puissance de la reconnaissance Vot\u00e9 meilleur prix AutoHebdo<\/h2>\n<p>[\/vc_column_text][vc_empty_space height=\u00a0\u00bb30px\u00a0\u00bb][vc_row_inner content_placement=\u00a0\u00bbtop\u00a0\u00bb gap=\u00a0\u00bb10&Prime;][vc_column_inner width=\u00a0\u00bb1\/3&Prime;][vc_single_image image=\u00a0\u00bb7840&Prime; img_size=\u00a0\u00bb140&#215;140&Prime; alignment=\u00a0\u00bbcenter\u00a0\u00bb css_animation=\u00a0\u00bbappear\u00a0\u00bb][vc_empty_space height=\u00a0\u00bb20px\u00a0\u00bb][vc_column_text css_animation=\u00a0\u00bbleft-to-right\u00a0\u00bb]<\/p>\n<p style=\"text-align: center;\"><strong>Prouve votre engagement \u00e0 offrir des prix justes et transparents<\/strong><\/p>\n<p>[\/vc_column_text][\/vc_column_inner][vc_column_inner width=\u00a0\u00bb1\/3&Prime;][vc_single_image image=\u00a0\u00bb7842&Prime; img_size=\u00a0\u00bb140&#215;140&Prime; alignment=\u00a0\u00bbcenter\u00a0\u00bb css_animation=\u00a0\u00bbappear\u00a0\u00bb][vc_empty_space height=\u00a0\u00bb20px\u00a0\u00bb][vc_column_text css_animation=\u00a0\u00bbappear\u00a0\u00bb]<\/p>\n<p style=\"text-align: center;\"><strong>Inspire la confiance des consommateurs<\/strong><\/p>\n<p>[\/vc_column_text][\/vc_column_inner][vc_column_inner width=\u00a0\u00bb1\/3&Prime;][vc_single_image image=\u00a0\u00bb7844&Prime; img_size=\u00a0\u00bb140&#215;140&Prime; alignment=\u00a0\u00bbcenter\u00a0\u00bb css_animation=\u00a0\u00bbappear\u00a0\u00bb][vc_empty_space height=\u00a0\u00bb20px\u00a0\u00bb][vc_column_text css_animation=\u00a0\u00bbright-to-left\u00a0\u00bb]<\/p>\n<p style=\"text-align: center;\"><strong>Vous diff\u00e9rencie sur AutoHebdo.net<\/strong><\/p>\n<p>[\/vc_column_text][\/vc_column_inner][\/vc_row_inner][\/vc_column][\/vc_row][vc_row full_width=\u00a0\u00bbstretch_row\u00a0\u00bb parallax=\u00a0\u00bbcontent-moving\u00a0\u00bb css=\u00a0\u00bb.vc_custom_1741895016038{padding-top: 50px !important;padding-bottom: 50px !important;background-color: #f5faff !important;background-position: center;background-repeat: no-repeat !important;background-size: cover !important;}\u00a0\u00bb][vc_column][vc_column_text]<\/p>\n<h2 style=\"text-align: center; color: #3e3e3e;\">Foire aux questions<\/h2>\n<p>[\/vc_column_text][vc_empty_space height=\u00a0\u00bb30px\u00a0\u00bb][vc_row_inner equal_height=\u00a0\u00bbyes\u00a0\u00bb content_placement=\u00a0\u00bbtop\u00a0\u00bb gap=\u00a0\u00bb20&Prime;][vc_column_inner width=\u00a0\u00bb1\/2&Prime;][vc_column_text]<strong>Q: En quoi consiste la reconnaissance Vot\u00e9 meilleur prix AutoHebdo?<\/strong><\/p>\n<p>R: La reconnaissance Vot\u00e9 meilleur prix AutoHebdo honore les commer\u00e7ants automobiles du Canada dont les annonces obtiennent statistiquement le plus souvent une mention de meilleur prix, tout au long de l\u2019ann\u00e9e! Cette reconnaissance signale aux consommateurs, ainsi qu\u2019\u00e0 vos concurrents, que vos efforts en mati\u00e8re de prix et de transparence sont reconnus par la plus grande et r\u00e9put\u00e9e place d\u2019affaires en ligne au pays.[\/vc_column_text][vc_empty_space height=\u00a0\u00bb30px\u00a0\u00bb][vc_column_text]<strong>Q: Que devons-nous faire pour obtenir une reconnaissance Vot\u00e9 meilleur prix AutoHebdo?<\/strong><\/p>\n<p>R: Les reconnaissances Vot\u00e9 meilleur prix AutoHebdo honorent les commer\u00e7ants automobiles du pays dont les annonces obtiennent statistiquement le plus souvent la mention \u00ab\u202fSuper prix\u202f\u00bb ou \u00ab\u202fBon prix\u202f\u00bb pendant la p\u00e9riode de r\u00e9f\u00e9rence, dans leur province. Informez-vous aupr\u00e8s de votre repr\u00e9sentant AutoHebdo.[\/vc_column_text][vc_empty_space height=\u00a0\u00bb30px\u00a0\u00bb][vc_column_text]<strong>Q: Je voudrais en savoir plus sur la reconnaissance Vot\u00e9 meilleur prix?<\/strong><\/p>\n<p>R: Prenez contact avec votre repr\u00e9sentant de compte AutoHebdo.[\/vc_column_text][\/vc_column_inner][vc_column_inner width=\u00a0\u00bb1\/2&Prime;][vc_column_text]<strong>Q: Comment AutoHebdo choisit-il les gagnants?<\/strong><\/p>\n<p>R: Nous nous basons sur nos donn\u00e9es de prix collect\u00e9es en temps r\u00e9el pour \u00e9tablir le classement des commer\u00e7ants dont la plus grande proportion d\u2019annonces se m\u00e9rite une \u00e9tiquette \u00ab\u202fBon prix\u202f\u00bb ou \u00ab\u202fSuper prix\u202f\u00bb pendant la p\u00e9riode de r\u00e9f\u00e9rence. Cette reconnaissance honore s\u00e9par\u00e9ment les marchands ind\u00e9pendants et les concessionnaires franchis\u00e9s. Si une grande proportion de votre inventaire obtient r\u00e9guli\u00e8rement ces mentions, vous pourriez vous m\u00e9riter une reconnaissance Vot\u00e9 meilleur prix AutoHebdo.[\/vc_column_text][vc_empty_space height=\u00a0\u00bb30px\u00a0\u00bb][vc_column_text]<strong>Q: Pourquoi devrais-je \u00eatre fier de remporter ce prix?<\/strong><\/p>\n<p>R: AutoHebdo fera la promotion publique de votre appartenance \u00e0 un groupe s\u00e9lect, ce qui stimulera le niveau de confiance que vous inspirez et l\u2019attention que vous g\u00e9n\u00e9rez sur la plus grande et r\u00e9put\u00e9e place d\u2019affaires en ligne au pays. Cette mention appara\u00eetra sur la page des d\u00e9tails de vos annonces, \u00e0 c\u00f4t\u00e9 de votre logo, ainsi que sur la page de votre commerce automobile.<\/p>\n<p>De plus, les gagnants re\u00e7oivent un troph\u00e9e, des affiches et un kit de promotion num\u00e9rique qu\u2019ils peuvent utiliser pour mousser cette r\u00e9ussite, tant dans leur salle de montre qu\u2019en ligne.[\/vc_column_text][\/vc_column_inner][\/vc_row_inner][\/vc_column][\/vc_row][vc_row full_width=\u00a0\u00bbstretch_row\u00a0\u00bb parallax=\u00a0\u00bbcontent-moving\u00a0\u00bb css=\u00a0\u00bb.vc_custom_1655827449117{padding-top: 50px !important;padding-bottom: 50px !important;background-position: center;background-repeat: no-repeat !important;background-size: cover !important;}\u00a0\u00bb][vc_column][vc_column_text css_animation=\u00a0\u00bbappear\u00a0\u00bb]<\/p>\n<h2 style=\"text-align: center; color: #3e3e3e;\">F\u00e9licitations aux gagnants d\u2019une reconnaissance<br \/>\nVot\u00e9 meilleur prix AutoHebdo 2025!<\/h2>\n<p>[\/vc_column_text][vc_empty_space height=\u00a0\u00bb30px\u00a0\u00bb][vc_row_inner equal_height=\u00a0\u00bbyes\u00a0\u00bb content_placement=\u00a0\u00bbtop\u00a0\u00bb gap=\u00a0\u00bb10&Prime;][vc_column_inner width=\u00a0\u00bb1\/3&Prime;][vc_column_text css=\u00a0\u00bb.vc_custom_1746808735993{border-top-width: 1px !important;border-right-width: 1px !important;border-bottom-width: 1px !important;border-left-width: 1px !important;padding-top: 15px !important;padding-right: 15px !important;padding-bottom: 15px !important;padding-left: 15px !important;border-left-color: #d8d8d8 !important;border-left-style: solid !important;border-right-color: #d8d8d8 !important;border-right-style: solid !important;border-top-color: #d8d8d8 !important;border-top-style: solid !important;border-bottom-color: #d8d8d8 !important;border-bottom-style: solid !important;border-radius: 15px !important;}\u00a0\u00bb]<\/p>\n<h3 style=\"color: #3e3e3e;\">Colombie-Britannique<\/h3>\n<p>4 Wheel Deals<br \/>\nAbbotsford Hyundai<br \/>\nAudi Langley<br \/>\nAuto West Pre-Owned<br \/>\nBCS Auto Sales<br \/>\nCar Simple<br \/>\nCargiant Motors<br \/>\nDestination Mazda Vancouver<br \/>\nDocksteader Subaru<br \/>\nGalaxy Motors Langford<br \/>\nGlenoak Ford Sales<br \/>\nJim Pattison Hyundai Coquitlam<br \/>\nJim Pattison Lease<br \/>\nJim Pattison Lexus Northshore<br \/>\nJim Pattison Lexus Victoria<br \/>\nJim Pattison Subaru Coquitlam<br \/>\nJim Pattison Subaru Northshore<br \/>\nJim Pattison Toyota Victoria<br \/>\nKelowna Chevrolet<br \/>\nKelowna Mercedes-Benz<br \/>\nKelowna Nissan<br \/>\nKingsway Honda<br \/>\nLougheed Acura<br \/>\nMetrotown Mazda<br \/>\nMurray GM &#8211; Fort St. John<br \/>\nMurray Honda<br \/>\nNorth Vancouver Nissan<br \/>\nOpenRoad Acura &#8211; Richmond<br \/>\nOpenRoad Audi &#8211; Vancouver<br \/>\nOpenRoad Toyota &#8211; Abbotsford<br \/>\nOpenRoad Toyota &#8211; Peace Arch<br \/>\nOpenRoad Volkswagen<br \/>\nPacific Honda<br \/>\nRichmond Honda<br \/>\nSouthside Nissan<br \/>\nSurrey Honda<br \/>\nThe BMW Store<br \/>\nUC Auto Ltd.<br \/>\nVancouver Volkswagen<br \/>\nVolvo Cars Richmond<br \/>\nWhite Rock Volkswagen<br \/>\n[\/vc_column_text][vc_empty_space height=\u00a0\u00bb30px\u00a0\u00bb][vc_column_text css=\u00a0\u00bb.vc_custom_1746808746435{border-top-width: 1px !important;border-right-width: 1px !important;border-bottom-width: 1px !important;border-left-width: 1px !important;padding-top: 15px !important;padding-right: 15px !important;padding-bottom: 15px !important;padding-left: 15px !important;border-left-color: #d8d8d8 !important;border-left-style: solid !important;border-right-color: #d8d8d8 !important;border-right-style: solid !important;border-top-color: #d8d8d8 !important;border-top-style: solid !important;border-bottom-color: #d8d8d8 !important;border-bottom-style: solid !important;border-radius: 15px !important;}\u00a0\u00bb]<\/p>\n<h3 style=\"color: #3e3e3e;\">Alberta<\/h3>\n<p>Auto Hub<br \/>\nAuto World Sales<br \/>\nGo Airdrie Honda<br \/>\nGo Honda<br \/>\nGo Mazda<br \/>\nHeninger Toyota<br \/>\nHonda Red Deer Sales<br \/>\nJim Pattison Lease<br \/>\nLA Nissan<br \/>\nLethbridge Volkswagen<br \/>\nMedicine Hat Toyota<br \/>\nMetro Ford<br \/>\nMellenium Motors<br \/>\nMurray Chevrolet Cadillac<br \/>\nNorthland KIA<br \/>\nNorthstar Hyundai<br \/>\nRed Deer Kia<br \/>\nRed Deer Volkswagen<br \/>\nSherwood Kia<br \/>\nSilverhill Acura<br \/>\nSouth Pointe Honda<br \/>\nSouthtown Hyundai<br \/>\nSouthview Motors Inc.<br \/>\nSt Albert Honda<br \/>\nSun City Ford<br \/>\nVolvo Cars Royal Oak<br \/>\nWest Side Acura<br \/>\nWheaton Honda<br \/>\n[\/vc_column_text][vc_empty_space height=\u00a0\u00bb30px\u00a0\u00bb][vc_column_text css=\u00a0\u00bb.vc_custom_1746808754874{border-top-width: 1px !important;border-right-width: 1px !important;border-bottom-width: 1px !important;border-left-width: 1px !important;padding-top: 15px !important;padding-right: 15px !important;padding-bottom: 15px !important;padding-left: 15px !important;border-left-color: #d8d8d8 !important;border-left-style: solid !important;border-right-color: #d8d8d8 !important;border-right-style: solid !important;border-top-color: #d8d8d8 !important;border-top-style: solid !important;border-bottom-color: #d8d8d8 !important;border-bottom-style: solid !important;border-radius: 15px !important;}\u00a0\u00bb]<\/p>\n<h3 style=\"color: #3e3e3e;\">Saskatchewan<\/h3>\n<p>Bema Autosport BMW<br \/>\nBMW Regina<br \/>\nCountry Ford<br \/>\nGo To Auto<br \/>\nMercedes-Benz of Regina<br \/>\nNova Auto Centre<br \/>\nSaskatoon Auto Connection<br \/>\nSherwood Chevrolet<br \/>\nVolkswagen Centre of Saskatoon<br \/>\n[\/vc_column_text][vc_empty_space height=\u00a0\u00bb30px\u00a0\u00bb][vc_column_text css=\u00a0\u00bb.vc_custom_1746808762027{border-top-width: 1px !important;border-right-width: 1px !important;border-bottom-width: 1px !important;border-left-width: 1px !important;padding-top: 15px !important;padding-right: 15px !important;padding-bottom: 15px !important;padding-left: 15px !important;border-left-color: #d8d8d8 !important;border-left-style: solid !important;border-right-color: #d8d8d8 !important;border-right-style: solid !important;border-top-color: #d8d8d8 !important;border-top-style: solid !important;border-bottom-color: #d8d8d8 !important;border-bottom-style: solid !important;border-radius: 15px !important;}\u00a0\u00bb]<\/p>\n<h3 style=\"color: #3e3e3e;\">Manitoba<\/h3>\n<p>Auto List of Canada Inc.<br \/>\nBirchwood BMW<br \/>\nBirchwood Chevrolet Buick GMC<br \/>\nBirchwood Ford<br \/>\nBirchwood Honda on Regent<br \/>\nBirchwood Honda West<br \/>\nBirchwood Kia on Regent<br \/>\nBirchwood Kia West<br \/>\nBirchwood Nissan<br \/>\nBirchwood Volkswagen on Regent<br \/>\nCarvista<br \/>\nGo Auto Haus Volkswagen<br \/>\nJim Pattison Subaru on Regent<br \/>\nJim Pattison Subaru South<br \/>\nSteinbach Chrysler Dodge Jeep Ram<br \/>\nVolvo Cars Winnipeg<br \/>\n[\/vc_column_text][vc_empty_space height=\u00a0\u00bb30px\u00a0\u00bb][\/vc_column_inner][vc_column_inner width=\u00a0\u00bb1\/3&Prime;][vc_column_text css=\u00a0\u00bb.vc_custom_1766515057706{border-top-width: 1px !important;border-right-width: 1px !important;border-bottom-width: 1px !important;border-left-width: 1px !important;padding-top: 15px !important;padding-right: 15px !important;padding-bottom: 15px !important;padding-left: 15px !important;border-left-color: #d8d8d8 !important;border-left-style: solid !important;border-right-color: #d8d8d8 !important;border-right-style: solid !important;border-top-color: #d8d8d8 !important;border-top-style: solid !important;border-bottom-color: #d8d8d8 !important;border-bottom-style: solid !important;border-radius: 15px !important;}\u00a0\u00bb]<\/p>\n<h3 style=\"color: #3e3e3e;\">Ontario<\/h3>\n<p>401 Dixie Nissan<br \/>\nAA Canada Inc.<br \/>\nAcura Downtown<br \/>\nAcura of Barrie<br \/>\nAudi London<br \/>\nAudi Newmarket<br \/>\nAudi Queensway<br \/>\nAudi Vaughan<br \/>\nAudi West Ottawa<br \/>\nAutoPark Barrie<br \/>\nAutorama<br \/>\nAutoValue Hyundai<br \/>\nBarrhaven Honda<br \/>\nBMW Autohaus<br \/>\nBMW London<br \/>\nBMW\/MINI Markham<br \/>\nBolton Honda<br \/>\nBolton Nissan<br \/>\nBramgate Volkswagen<br \/>\nBrantford Toyota<br \/>\nBustard Chrysler Dodge Jeep<br \/>\nCanadian Auto Mall<br \/>\nCar Connect<br \/>\nCardinal Kia<br \/>\nCarleton Place Ford<br \/>\nCars Unlimited Niagara<br \/>\nDalmar Motors Ltd.<br \/>\nDon Valley Volkswagen<br \/>\nErnie Dean Chev Buick GMC<br \/>\nEuroExoticar Sales<br \/>\nFine Motors<br \/>\nGeorgian BMW<br \/>\nGrimsby Ford<br \/>\nGyro Mazda<br \/>\nHenley Honda<br \/>\nHonda Downtown<br \/>\nJim Thompson Chrysler<br \/>\nJP Motor Sales<br \/>\nLakeshore All Makes &amp; Models<br \/>\nLally Kia<br \/>\nLarry Hudson Chevrolet Buick GMC<br \/>\nLeavens Volvo Cars London<br \/>\nLockwood Kia<br \/>\nLuxury Auto Group<br \/>\nMaple Acura<br \/>\nMark Wilson&rsquo;s Better Used Cars<br \/>\nMarkham Acura<br \/>\nMazda of Brampton<br \/>\nMercedes-Benz Downtown Toronto<br \/>\nMercedes-Benz Durham<br \/>\nMercedes-Benz Markham<br \/>\nMilburn Auto<br \/>\nMilton Nissan<br \/>\nMississauga Honda<br \/>\nMost Wanted Cars<br \/>\nMy Car &#8211; Kingston<br \/>\nMy Car &#8211; North Bay<br \/>\nMy Car &#8211; Ottawa<br \/>\nMyers Hunt Club Volkswagen<br \/>\nMyers Volkswagen<br \/>\nNewmarket Nissan<br \/>\nNexcar Auto Sales &amp; Leasing Inc.<br \/>\nNorth York Kia<br \/>\nOakville Mitsubishi<br \/>\nOntario Selective Motors<br \/>\nOtto&rsquo;s Subaru<br \/>\nOwasco Volkswagen &amp; Audi<br \/>\nPathway Hyundai<br \/>\nPerformance Acura<br \/>\nPerformance Acura North Mississauga<br \/>\nPerformance BMW<br \/>\nPerformance Hyundai EQUUS<br \/>\nPerformance Kia Mayfield<br \/>\nPfaff BMW<br \/>\nPrecision Honda Pre-Owned<br \/>\nPrio Auto Sales<br \/>\nQuantrill Chevrolet Buick GMC Cadillac<br \/>\nSherway Nissan<br \/>\nSignature Cars<br \/>\nSkyway Fine Cars<br \/>\nSt. Catharines Volkswagen<br \/>\nSt. Thomas Nissan<br \/>\nStouffville Nissan<br \/>\nSubaru of North Bay<br \/>\nTaylor Creek Volkswagen<br \/>\nToyotaTown<br \/>\nVelocity Automotive<br \/>\nVolkswagen DowntownToronto<br \/>\nVolkswagen Midtown Toronto<br \/>\nVolkswagen of Newmarket<br \/>\nVolkswagen Unionville<br \/>\nVolkswagen Villa<br \/>\nVolvo Cars Toronto<br \/>\nVolvo Cars Villa<br \/>\nWestgate Honda<br \/>\nWillowdale Subaru<br \/>\nWoodchester Nissan<br \/>\nXian Auto Inc.<br \/>\nYST Auto Sales[\/vc_column_text][vc_empty_space height=\u00a0\u00bb30px\u00a0\u00bb][\/vc_column_inner][vc_column_inner width=\u00a0\u00bb1\/3&Prime;][vc_column_text css=\u00a0\u00bb.vc_custom_1746808788923{border-top-width: 1px !important;border-right-width: 1px !important;border-bottom-width: 1px !important;border-left-width: 1px !important;padding-top: 15px !important;padding-right: 15px !important;padding-bottom: 15px !important;padding-left: 15px !important;border-left-color: #d8d8d8 !important;border-left-style: solid !important;border-right-color: #d8d8d8 !important;border-right-style: solid !important;border-top-color: #d8d8d8 !important;border-top-style: solid !important;border-bottom-color: #d8d8d8 !important;border-bottom-style: solid !important;border-radius: 15px !important;}\u00a0\u00bb]<\/p>\n<h3 style=\"color: #3e3e3e;\">Qu\u00e9bec<\/h3>\n<p>Acura Gabriel D.D.O. West Island<br \/>\nAudi Sherbrooke<br \/>\nAudi West Island<br \/>\nAuto20.ca<br \/>\nAutoFlash<br \/>\nAutomobile en Direct.com &#8211; Gatineau<br \/>\nAutomobile en Direct.com &#8211; Ile-Perrot<br \/>\nAutomobiles Popular<br \/>\nAutozoom.ca<br \/>\nBMW L\u00e9vis<br \/>\nBMW Ste-Agathe<br \/>\nBMW West Island<br \/>\nBrossard Hyundai<br \/>\nBrossard Mazda<br \/>\nChagnon Honda de Granby<br \/>\nChambly Mazda<br \/>\nComplexe Auto Plus Inc.<br \/>\nDrummondville Volkswagen<br \/>\nEncore Honda<br \/>\nExcel Honda<br \/>\nFranke Mercedes<br \/>\nGatineau Kia<br \/>\nGermain Nissan Donnacona<br \/>\nGiroux Occasion<br \/>\nGM De Lasalle<br \/>\nHGr\u00e9goire Nissan Saint-Eustache<br \/>\nHonda Casavant<br \/>\nHonda de Boucherville<br \/>\nHonda de la Capitale<br \/>\nHonda Gabriel<br \/>\nHyundai du Saguenay<br \/>\nHyundai St-Laurent<br \/>\nHyundai Ste-Agathe<br \/>\nJoliette Volkswagen<br \/>\nKia Gabriel Ouest<br \/>\nKia Joliette<br \/>\nKia Saint-Hyacinthe<br \/>\nLa maison du routier M.G.M<br \/>\nL\u00e9vis Subaru<br \/>\nMazda Chatel<br \/>\nMazda des Sources<br \/>\nMazda Drummondville<br \/>\nNissan Gabriel Jean-Talon<br \/>\nPark Avenue Audi<br \/>\nPark Avenue Volkswagen<br \/>\nR\u00e9gate Kia Valleyfield<br \/>\nRiendeau Hyundai<br \/>\nRive-Sud N de Boucherville Inc.<br \/>\nRive-Sud N de Brossard Inc.<br \/>\nSaint-Jerome Mitsubishi<br \/>\nS\u00e9lection Auto Direct<br \/>\nSt Hubert Toyota<br \/>\nSt-Georges Toyota<br \/>\nSt-J\u00e9r\u00f4me Auto D\u00e9p\u00f4t<br \/>\nSt-J\u00e9r\u00f4me Chevrolet Buick GMC Corvette<br \/>\nSt-Nicolas Hyundai<br \/>\nSubaru Brossard<br \/>\nSubaru Montreal<br \/>\nTerrebonne Mitsubishi<br \/>\nTheetge Honda<br \/>\nVachon Subaru<br \/>\nVaudreuil Volkswagen<br \/>\nVolkswagen St-Hyacinthe<br \/>\n[\/vc_column_text][vc_empty_space height=\u00a0\u00bb30px\u00a0\u00bb][vc_column_text css=\u00a0\u00bb.vc_custom_1746808851107{border-top-width: 1px !important;border-right-width: 1px !important;border-bottom-width: 1px !important;border-left-width: 1px !important;padding-top: 15px !important;padding-right: 15px !important;padding-bottom: 15px !important;padding-left: 15px !important;border-left-color: #d8d8d8 !important;border-left-style: solid !important;border-right-color: #d8d8d8 !important;border-right-style: solid !important;border-top-color: #d8d8d8 !important;border-top-style: solid !important;border-bottom-color: #d8d8d8 !important;border-bottom-style: solid !important;border-radius: 15px !important;}\u00a0\u00bb]<\/p>\n<h3 style=\"color: #3e3e3e;\">Nouveau-Brunswick<\/h3>\n<p>Edmundston Honda<br \/>\nFairview Chrysler Dodge Jeep<br \/>\nFredericton Hyundai<br \/>\nFredericton Volkswagen<br \/>\nMiramichi Kia<br \/>\nPrice Auto Sales<br \/>\nRallye Motors Nissan<br \/>\n[\/vc_column_text][vc_empty_space height=\u00a0\u00bb30px\u00a0\u00bb][vc_column_text css=\u00a0\u00bb.vc_custom_1746808840150{border-top-width: 1px !important;border-right-width: 1px !important;border-bottom-width: 1px !important;border-left-width: 1px !important;padding-top: 15px !important;padding-right: 15px !important;padding-bottom: 15px !important;padding-left: 15px !important;border-left-color: #d8d8d8 !important;border-left-style: solid !important;border-right-color: #d8d8d8 !important;border-right-style: solid !important;border-top-color: #d8d8d8 !important;border-top-style: solid !important;border-bottom-color: #d8d8d8 !important;border-bottom-style: solid !important;border-radius: 15px !important;}\u00a0\u00bb]<\/p>\n<h3 style=\"color: #3e3e3e;\">Prince Edward Island<\/h3>\n<p>Discover Kia Charlottetown<br \/>\nExperience Hyundai<br \/>\nSubaru Of Charlottetown<br \/>\nTownship Chevrolet Buick GMC Ltd.<br \/>\n[\/vc_column_text][vc_empty_space height=\u00a0\u00bb30px\u00a0\u00bb][vc_column_text css=\u00a0\u00bb.vc_custom_1746808862034{border-top-width: 1px !important;border-right-width: 1px !important;border-bottom-width: 1px !important;border-left-width: 1px !important;padding-top: 15px !important;padding-right: 15px !important;padding-bottom: 15px !important;padding-left: 15px !important;border-left-color: #d8d8d8 !important;border-left-style: solid !important;border-right-color: #d8d8d8 !important;border-right-style: solid !important;border-top-color: #d8d8d8 !important;border-top-style: solid !important;border-bottom-color: #d8d8d8 !important;border-bottom-style: solid !important;border-radius: 15px !important;}\u00a0\u00bb]<\/p>\n<h3 style=\"color: #3e3e3e;\">Nouvelle-\u00c9cosse<\/h3>\n<p>Anchor Toyota<br \/>\nCeilidh Honda<br \/>\nCentral Nova Motors Hyundai<br \/>\nCentury Honda<br \/>\nCentury Nissan<br \/>\nGreenwood Auto Sales<br \/>\nJim Pattison Lease<br \/>\nKings County Honda<br \/>\nO&rsquo;Regan&rsquo;s BMW &amp; Halifax Mini<br \/>\nO&rsquo;Regan&rsquo;s Mercedes-Benz<br \/>\nO&rsquo;Regan&rsquo;s Nissan Dartmouth<br \/>\nO&rsquo;Regan&rsquo;s Toyota Dartmouth<br \/>\nRecar Halifax<br \/>\nSteele Chevrolet Buick GMC Cadillac<br \/>\nSteele Volkswagen<br \/>\nTantramar Chevrolet Buick GMC Ltd.<br \/>\nValley Ford<br \/>\n[\/vc_column_text][vc_empty_space height=\u00a0\u00bb30px\u00a0\u00bb][vc_column_text css=\u00a0\u00bb.vc_custom_1746808870310{border-top-width: 1px !important;border-right-width: 1px !important;border-bottom-width: 1px !important;border-left-width: 1px !important;padding-top: 15px !important;padding-right: 15px !important;padding-bottom: 15px !important;padding-left: 15px !important;border-left-color: #d8d8d8 !important;border-left-style: solid !important;border-right-color: #d8d8d8 !important;border-right-style: solid !important;border-top-color: #d8d8d8 !important;border-top-style: solid !important;border-bottom-color: #d8d8d8 !important;border-bottom-style: solid !important;border-radius: 15px !important;}\u00a0\u00bb]<\/p>\n<h3 style=\"color: #3e3e3e;\">Terre-Neuve-et-Labrador<\/h3>\n<p>Capital Subaru<br \/>\nFairway Honda<br \/>\nGander Toyota<br \/>\nHickman Select Certified Pre-Owned<br \/>\nPlaza Pre-Owned<br \/>\nVolkswagen St. John&rsquo;s<br \/>\n[\/vc_column_text][vc_empty_space height=\u00a0\u00bb30px\u00a0\u00bb][\/vc_column_inner][\/vc_row_inner][\/vc_column][\/vc_row]<\/p>\n<\/div>","protected":false},"excerpt":{"rendered":"<p>[vc_row full_width=\u00a0\u00bbstretch_row\u00a0\u00bb parallax=\u00a0\u00bbcontent-moving\u00a0\u00bb css=\u00a0\u00bb.vc_custom_1713449206007{padding-top: 50px !important;padding-bottom: 50px !important;background-color: #ed1c24 !important;background-position: center;background-repeat: no-repeat !important;background-size: cover !important;}\u00a0\u00bb][vc_column][vc_row_inner equal_height=\u00a0\u00bbyes\u00a0\u00bb content_placement=\u00a0\u00bbmiddle\u00a0\u00bb gap=\u00a0\u00bb20&Prime;][vc_column_inner][vc_column_text] Reconnaissance des commer\u00e7ants automobiles du Canada qui offrent des prix justes et transparents sur AutoHebdo.net [\/vc_column_text][\/vc_column_inner][\/vc_row_inner][\/vc_column][\/vc_row][vc_row full_width=\u00a0\u00bbstretch_row\u00a0\u00bb gap=\u00a0\u00bb20&Prime; equal_height=\u00a0\u00bbyes\u00a0\u00bb content_placement=\u00a0\u00bbmiddle\u00a0\u00bb parallax=\u00a0\u00bbcontent-moving\u00a0\u00bb css=\u00a0\u00bb.vc_custom_1741894986522{padding-top: 50px !important;padding-bottom: 50px !important;background-color: #ffffff !important;background-position: center;background-repeat: no-repeat !important;background-size: cover !important;}\u00a0\u00bb][vc_column width=\u00a0\u00bb2\/3&Prime;][vc_column_text css_animation=\u00a0\u00bbleft-to-right\u00a0\u00bb]La reconnaissance Vot\u00e9<\/p>\n","protected":false},"author":35,"featured_media":0,"parent":0,"menu_order":0,"comment_status":"closed","ping_status":"closed","template":"page-with-title.php","meta":{"site-sidebar-layout":"no-sidebar","site-content-layout":"plain-container","ast-site-content-layout":"normal-width-container","site-content-style":"unboxed","site-sidebar-style":"unboxed","ast-global-header-display":"","ast-banner-title-visibility":"","ast-main-header-display":"","ast-hfb-above-header-display":"","ast-hfb-below-header-display":"","ast-hfb-mobile-header-display":"","site-post-title":"disabled","ast-breadcrumbs-content":"","ast-featured-img":"disabled","footer-sml-layout":"","ast-disable-related-posts":"","theme-transparent-header-meta":"default","adv-header-id-meta":"","stick-header-meta":"","header-above-stick-meta":"","header-main-stick-meta":"","header-below-stick-meta":"","astra-migrate-meta-layouts":"set","ast-page-background-enabled":"default","ast-page-background-meta":{"desktop":{"background-color":"var(--ast-global-color-4)","background-image":"","background-repeat":"repeat","background-position":"center center","background-size":"auto","background-attachment":"scroll","background-type":"","background-media":"","overlay-type":"","overlay-color":"","overlay-opacity":"","overlay-gradient":""},"tablet":{"background-color":"","background-image":"","background-repeat":"repeat","background-position":"center center","background-size":"auto","background-attachment":"scroll","background-type":"","background-media":"","overlay-type":"","overlay-color":"","overlay-opacity":"","overlay-gradient":""},"mobile":{"background-color":"","background-image":"","background-repeat":"repeat","background-position":"center center","background-size":"auto","background-attachment":"scroll","background-type":"","background-media":"","overlay-type":"","overlay-color":"","overlay-opacity":"","overlay-gradient":""}},"ast-content-background-meta":{"desktop":{"background-color":"var(--ast-global-color-5)","background-image":"","background-repeat":"repeat","background-position":"center center","background-size":"auto","background-attachment":"scroll","background-type":"","background-media":"","overlay-type":"","overlay-color":"","overlay-opacity":"","overlay-gradient":""},"tablet":{"background-color":"var(--ast-global-color-5)","background-image":"","background-repeat":"repeat","background-position":"center center","background-size":"auto","background-attachment":"scroll","background-type":"","background-media":"","overlay-type":"","overlay-color":"","overlay-opacity":"","overlay-gradient":""},"mobile":{"background-color":"var(--ast-global-color-5)","background-image":"","background-repeat":"repeat","background-position":"center center","background-size":"auto","background-attachment":"scroll","background-type":"","background-media":"","overlay-type":"","overlay-color":"","overlay-opacity":"","overlay-gradient":""}},"footnotes":""},"class_list":["post-7114","page","type-page","status-publish","hentry"],"acf":[],"yoast_head":"<!-- This site is optimized with the Yoast SEO plugin v27.3 - https:\/\/yoast.com\/product\/yoast-seo-wordpress\/ -->\n<title>Reconnaissance du meilleur prix AutoHebdo 2025 | Soci\u00e9t\u00e9 TRADER<\/title>\n<meta name=\"robots\" content=\"index, follow, max-snippet:-1, max-image-preview:large, max-video-preview:-1\" \/>\n<link rel=\"canonical\" href=\"https:\/\/go.trader.ca\/fr\/recompensescommercants\/\" \/>\n<meta property=\"og:locale\" content=\"fr_FR\" \/>\n<meta property=\"og:type\" content=\"article\" \/>\n<meta property=\"og:title\" content=\"Reconnaissance du meilleur prix AutoHebdo 2025 | Soci\u00e9t\u00e9 TRADER\" \/>\n<meta property=\"og:description\" content=\"[vc_row full_width=\u00a0\u00bbstretch_row\u00a0\u00bb parallax=\u00a0\u00bbcontent-moving\u00a0\u00bb css=\u00a0\u00bb.vc_custom_1713449206007{padding-top: 50px !important;padding-bottom: 50px !important;background-color: #ed1c24 !important;background-position: center;background-repeat: no-repeat !important;background-size: cover !important;}\u00a0\u00bb][vc_column][vc_row_inner equal_height=\u00a0\u00bbyes\u00a0\u00bb content_placement=\u00a0\u00bbmiddle\u00a0\u00bb gap=\u00a0\u00bb20&Prime;][vc_column_inner][vc_column_text] Reconnaissance des commer\u00e7ants automobiles du Canada qui offrent des prix justes et transparents sur AutoHebdo.net [\/vc_column_text][\/vc_column_inner][\/vc_row_inner][\/vc_column][\/vc_row][vc_row full_width=\u00a0\u00bbstretch_row\u00a0\u00bb gap=\u00a0\u00bb20&Prime; equal_height=\u00a0\u00bbyes\u00a0\u00bb content_placement=\u00a0\u00bbmiddle\u00a0\u00bb parallax=\u00a0\u00bbcontent-moving\u00a0\u00bb css=\u00a0\u00bb.vc_custom_1741894986522{padding-top: 50px !important;padding-bottom: 50px !important;background-color: #ffffff !important;background-position: center;background-repeat: no-repeat !important;background-size: cover !important;}\u00a0\u00bb][vc_column width=\u00a0\u00bb2\/3&Prime;][vc_column_text css_animation=\u00a0\u00bbleft-to-right\u00a0\u00bb]La reconnaissance Vot\u00e9\" \/>\n<meta property=\"og:url\" content=\"https:\/\/go.trader.ca\/fr\/recompensescommercants\/\" \/>\n<meta property=\"og:site_name\" content=\"TRADER\" \/>\n<meta property=\"article:modified_time\" content=\"2025-12-23T18:37:40+00:00\" \/>\n<meta name=\"twitter:card\" content=\"summary_large_image\" \/>\n<meta name=\"twitter:label1\" content=\"Dur\u00e9e de lecture estim\u00e9e\" \/>\n\t<meta name=\"twitter:data1\" content=\"9 minutes\" \/>\n<script type=\"application\/ld+json\" class=\"yoast-schema-graph\">{\"@context\":\"https:\\\/\\\/schema.org\",\"@graph\":[{\"@type\":\"WebPage\",\"@id\":\"https:\\\/\\\/go.trader.ca\\\/fr\\\/recompensescommercants\\\/\",\"url\":\"https:\\\/\\\/go.trader.ca\\\/fr\\\/recompensescommercants\\\/\",\"name\":\"Reconnaissance du meilleur prix AutoHebdo 2025 | Soci\u00e9t\u00e9 TRADER\",\"isPartOf\":{\"@id\":\"https:\\\/\\\/go.trader.ca\\\/#website\"},\"datePublished\":\"2020-02-11T14:50:57+00:00\",\"dateModified\":\"2025-12-23T18:37:40+00:00\",\"breadcrumb\":{\"@id\":\"https:\\\/\\\/go.trader.ca\\\/fr\\\/recompensescommercants\\\/#breadcrumb\"},\"inLanguage\":\"fr-FR\",\"potentialAction\":[{\"@type\":\"ReadAction\",\"target\":[\"https:\\\/\\\/go.trader.ca\\\/fr\\\/recompensescommercants\\\/\"]}]},{\"@type\":\"BreadcrumbList\",\"@id\":\"https:\\\/\\\/go.trader.ca\\\/fr\\\/recompensescommercants\\\/#breadcrumb\",\"itemListElement\":[{\"@type\":\"ListItem\",\"position\":1,\"name\":\"Home\",\"item\":\"https:\\\/\\\/go.trader.ca\\\/fr\\\/\"},{\"@type\":\"ListItem\",\"position\":2,\"name\":\"Reconnaissance du meilleur prix AutoHebdo 2025\"}]},{\"@type\":\"WebSite\",\"@id\":\"https:\\\/\\\/go.trader.ca\\\/#website\",\"url\":\"https:\\\/\\\/go.trader.ca\\\/\",\"name\":\"AutoTrader.ca & AutoHebdo.net\",\"description\":\"La plus grande et r\u00e9put\u00e9e place d\u2019affaires automobile au Canada\",\"publisher\":{\"@id\":\"https:\\\/\\\/go.trader.ca\\\/#organization\"},\"potentialAction\":[{\"@type\":\"SearchAction\",\"target\":{\"@type\":\"EntryPoint\",\"urlTemplate\":\"https:\\\/\\\/go.trader.ca\\\/?s={search_term_string}\"},\"query-input\":{\"@type\":\"PropertyValueSpecification\",\"valueRequired\":true,\"valueName\":\"search_term_string\"}}],\"inLanguage\":\"fr-FR\"},{\"@type\":\"Organization\",\"@id\":\"https:\\\/\\\/go.trader.ca\\\/#organization\",\"name\":\"AutoTrader.ca & AutoHebdo.net\",\"url\":\"https:\\\/\\\/go.trader.ca\\\/\",\"logo\":{\"@type\":\"ImageObject\",\"inLanguage\":\"fr-FR\",\"@id\":\"https:\\\/\\\/go.trader.ca\\\/#\\\/schema\\\/logo\\\/image\\\/\",\"url\":\"https:\\\/\\\/go.trader.ca\\\/wp-content\\\/uploads\\\/2024\\\/04\\\/Logo-AutoHebdo-FR.png\",\"contentUrl\":\"https:\\\/\\\/go.trader.ca\\\/wp-content\\\/uploads\\\/2024\\\/04\\\/Logo-AutoHebdo-FR.png\",\"width\":484,\"height\":52,\"caption\":\"AutoTrader.ca & AutoHebdo.net\"},\"image\":{\"@id\":\"https:\\\/\\\/go.trader.ca\\\/#\\\/schema\\\/logo\\\/image\\\/\"}}]}<\/script>\n<!-- \/ Yoast SEO plugin. -->","yoast_head_json":{"title":"Reconnaissance du meilleur prix AutoHebdo 2025 | Soci\u00e9t\u00e9 TRADER","robots":{"index":"index","follow":"follow","max-snippet":"max-snippet:-1","max-image-preview":"max-image-preview:large","max-video-preview":"max-video-preview:-1"},"canonical":"https:\/\/go.trader.ca\/fr\/recompensescommercants\/","og_locale":"fr_FR","og_type":"article","og_title":"Reconnaissance du meilleur prix AutoHebdo 2025 | Soci\u00e9t\u00e9 TRADER","og_description":"[vc_row full_width=\u00a0\u00bbstretch_row\u00a0\u00bb parallax=\u00a0\u00bbcontent-moving\u00a0\u00bb css=\u00a0\u00bb.vc_custom_1713449206007{padding-top: 50px !important;padding-bottom: 50px !important;background-color: #ed1c24 !important;background-position: center;background-repeat: no-repeat !important;background-size: cover !important;}\u00a0\u00bb][vc_column][vc_row_inner equal_height=\u00a0\u00bbyes\u00a0\u00bb content_placement=\u00a0\u00bbmiddle\u00a0\u00bb gap=\u00a0\u00bb20&Prime;][vc_column_inner][vc_column_text] Reconnaissance des commer\u00e7ants automobiles du Canada qui offrent des prix justes et transparents sur AutoHebdo.net [\/vc_column_text][\/vc_column_inner][\/vc_row_inner][\/vc_column][\/vc_row][vc_row full_width=\u00a0\u00bbstretch_row\u00a0\u00bb gap=\u00a0\u00bb20&Prime; equal_height=\u00a0\u00bbyes\u00a0\u00bb content_placement=\u00a0\u00bbmiddle\u00a0\u00bb parallax=\u00a0\u00bbcontent-moving\u00a0\u00bb css=\u00a0\u00bb.vc_custom_1741894986522{padding-top: 50px !important;padding-bottom: 50px !important;background-color: #ffffff !important;background-position: center;background-repeat: no-repeat !important;background-size: cover !important;}\u00a0\u00bb][vc_column width=\u00a0\u00bb2\/3&Prime;][vc_column_text css_animation=\u00a0\u00bbleft-to-right\u00a0\u00bb]La reconnaissance Vot\u00e9","og_url":"https:\/\/go.trader.ca\/fr\/recompensescommercants\/","og_site_name":"TRADER","article_modified_time":"2025-12-23T18:37:40+00:00","twitter_card":"summary_large_image","twitter_misc":{"Dur\u00e9e de lecture estim\u00e9e":"9 minutes"},"schema":{"@context":"https:\/\/schema.org","@graph":[{"@type":"WebPage","@id":"https:\/\/go.trader.ca\/fr\/recompensescommercants\/","url":"https:\/\/go.trader.ca\/fr\/recompensescommercants\/","name":"Reconnaissance du meilleur prix AutoHebdo 2025 | Soci\u00e9t\u00e9 TRADER","isPartOf":{"@id":"https:\/\/go.trader.ca\/#website"},"datePublished":"2020-02-11T14:50:57+00:00","dateModified":"2025-12-23T18:37:40+00:00","breadcrumb":{"@id":"https:\/\/go.trader.ca\/fr\/recompensescommercants\/#breadcrumb"},"inLanguage":"fr-FR","potentialAction":[{"@type":"ReadAction","target":["https:\/\/go.trader.ca\/fr\/recompensescommercants\/"]}]},{"@type":"BreadcrumbList","@id":"https:\/\/go.trader.ca\/fr\/recompensescommercants\/#breadcrumb","itemListElement":[{"@type":"ListItem","position":1,"name":"Home","item":"https:\/\/go.trader.ca\/fr\/"},{"@type":"ListItem","position":2,"name":"Reconnaissance du meilleur prix AutoHebdo 2025"}]},{"@type":"WebSite","@id":"https:\/\/go.trader.ca\/#website","url":"https:\/\/go.trader.ca\/","name":"AutoTrader.ca & AutoHebdo.net","description":"La plus grande et r\u00e9put\u00e9e place d\u2019affaires automobile au Canada","publisher":{"@id":"https:\/\/go.trader.ca\/#organization"},"potentialAction":[{"@type":"SearchAction","target":{"@type":"EntryPoint","urlTemplate":"https:\/\/go.trader.ca\/?s={search_term_string}"},"query-input":{"@type":"PropertyValueSpecification","valueRequired":true,"valueName":"search_term_string"}}],"inLanguage":"fr-FR"},{"@type":"Organization","@id":"https:\/\/go.trader.ca\/#organization","name":"AutoTrader.ca & AutoHebdo.net","url":"https:\/\/go.trader.ca\/","logo":{"@type":"ImageObject","inLanguage":"fr-FR","@id":"https:\/\/go.trader.ca\/#\/schema\/logo\/image\/","url":"https:\/\/go.trader.ca\/wp-content\/uploads\/2024\/04\/Logo-AutoHebdo-FR.png","contentUrl":"https:\/\/go.trader.ca\/wp-content\/uploads\/2024\/04\/Logo-AutoHebdo-FR.png","width":484,"height":52,"caption":"AutoTrader.ca & AutoHebdo.net"},"image":{"@id":"https:\/\/go.trader.ca\/#\/schema\/logo\/image\/"}}]}},"_links":{"self":[{"href":"https:\/\/go.trader.ca\/fr\/wp-json\/wp\/v2\/pages\/7114","targetHints":{"allow":["GET"]}}],"collection":[{"href":"https:\/\/go.trader.ca\/fr\/wp-json\/wp\/v2\/pages"}],"about":[{"href":"https:\/\/go.trader.ca\/fr\/wp-json\/wp\/v2\/types\/page"}],"author":[{"embeddable":true,"href":"https:\/\/go.trader.ca\/fr\/wp-json\/wp\/v2\/users\/35"}],"replies":[{"embeddable":true,"href":"https:\/\/go.trader.ca\/fr\/wp-json\/wp\/v2\/comments?post=7114"}],"version-history":[{"count":0,"href":"https:\/\/go.trader.ca\/fr\/wp-json\/wp\/v2\/pages\/7114\/revisions"}],"wp:attachment":[{"href":"https:\/\/go.trader.ca\/fr\/wp-json\/wp\/v2\/media?parent=7114"}],"curies":[{"name":"wp","href":"https:\/\/api.w.org\/{rel}","templated":true}]}}