{"id":13588,"date":"2025-07-31T12:30:47","date_gmt":"2025-07-31T16:30:47","guid":{"rendered":"https:\/\/go.trader.ca\/?page_id=13588"},"modified":"2025-12-10T22:38:54","modified_gmt":"2025-12-11T03:38:54","slug":"enregistrements-de-webinaires-t1-2025","status":"publish","type":"page","link":"https:\/\/go.trader.ca\/fr\/enregistrements-de-webinaires-t1-2025\/","title":{"rendered":"Mise \u00e0 jour sur le march\u00e9 canadien de l\u2019automobile : \u00e9tat de l\u2019industrie (T1 2025)"},"content":{"rendered":"<div class=\"wpb-content-wrapper\"><p>[vc_row full_width=\u00a0\u00bbstretch_row\u00a0\u00bb][vc_column][vc_empty_space height=\u00a0\u00bb50px\u00a0\u00bb][vc_column_text]<\/p>\n<h2 style=\"font-weight: 300 !important; color: #3e3e3e; text-align: left;\">Enregistrement du webinaire<\/h2>\n<h1 style=\"font-size: 60px !important; line-height: 65px !important; color: #3e3e3e; text-align: left;\">Mise \u00e0 jour sur le march\u00e9 canadien de l&rsquo;automobile : \u00e9tat de l\u2019industrie<\/h1>\n<p>[\/vc_column_text][vc_empty_space height=\u00a0\u00bb10px\u00a0\u00bb][vc_column_text]Diffus\u00e9 \u00e0 l&rsquo;origine : mai 2025[\/vc_column_text][vc_empty_space height=\u00a0\u00bb30px\u00a0\u00bb][vc_video link=\u00a0\u00bbhttps:\/\/youtu.be\/F6rdmL3UY2w\u00a0\u00bb align=\u00a0\u00bbcenter\u00a0\u00bb][vc_empty_space height=\u00a0\u00bb50px\u00a0\u00bb][vc_column_text]Pour les plus r\u00e9centes tendances de prix, \u00e9tudes de march\u00e9, sondages, recherches sur les acheteurs automobiles et autres contenus \u00e0 valeur ajout\u00e9e portant sur le march\u00e9 canadien de l\u2019automobile, ne manquez pas de <a href=\"https:\/\/go.trader.ca\/fr\/articles-de-presse\/\" target=\"_blank\" rel=\"noopener\">visiter notre Salle de presse<\/a> (et de l\u2019ajouter \u00e0 vos favoris) et de nous <a href=\"https:\/\/www.linkedin.com\/company\/autotraderca\/\" target=\"_blank\" rel=\"noopener\">suivre sur LinkedIn<\/a>[\/vc_column_text][vc_empty_space height=\u00a0\u00bb50px\u00a0\u00bb][\/vc_column][\/vc_row]<\/p>\n<\/div>","protected":false},"excerpt":{"rendered":"<p>[vc_row full_width=\u00a0\u00bbstretch_row\u00a0\u00bb][vc_column][vc_empty_space height=\u00a0\u00bb50px\u00a0\u00bb][vc_column_text] Enregistrement du webinaire Mise \u00e0 jour sur le march\u00e9 canadien de l&rsquo;automobile : \u00e9tat de l\u2019industrie [\/vc_column_text][vc_empty_space height=\u00a0\u00bb10px\u00a0\u00bb][vc_column_text]Diffus\u00e9 \u00e0 l&rsquo;origine : mai 2025[\/vc_column_text][vc_empty_space height=\u00a0\u00bb30px\u00a0\u00bb][vc_video link=\u00a0\u00bbhttps:\/\/youtu.be\/F6rdmL3UY2w\u00a0\u00bb align=\u00a0\u00bbcenter\u00a0\u00bb][vc_empty_space height=\u00a0\u00bb50px\u00a0\u00bb][vc_column_text]Pour les plus r\u00e9centes tendances de prix, \u00e9tudes de march\u00e9, sondages, recherches sur les acheteurs automobiles et autres contenus \u00e0 valeur ajout\u00e9e portant sur le march\u00e9<\/p>\n","protected":false},"author":4,"featured_media":0,"parent":0,"menu_order":0,"comment_status":"closed","ping_status":"closed","template":"","meta":{"site-sidebar-layout":"default","site-content-layout":"plain-container","ast-site-content-layout":"default","site-content-style":"default","site-sidebar-style":"default","ast-global-header-display":"","ast-banner-title-visibility":"","ast-main-header-display":"","ast-hfb-above-header-display":"","ast-hfb-below-header-display":"","ast-hfb-mobile-header-display":"","site-post-title":"disabled","ast-breadcrumbs-content":"disabled","ast-featured-img":"","footer-sml-layout":"","ast-disable-related-posts":"","theme-transparent-header-meta":"default","adv-header-id-meta":"","stick-header-meta":"","header-above-stick-meta":"","header-main-stick-meta":"","header-below-stick-meta":"","astra-migrate-meta-layouts":"set","ast-page-background-enabled":"default","ast-page-background-meta":{"desktop":{"background-color":"var(--ast-global-color-4)","background-image":"","background-repeat":"repeat","background-position":"center center","background-size":"auto","background-attachment":"scroll","background-type":"","background-media":"","overlay-type":"","overlay-color":"","overlay-opacity":"","overlay-gradient":""},"tablet":{"background-color":"","background-image":"","background-repeat":"repeat","background-position":"center center","background-size":"auto","background-attachment":"scroll","background-type":"","background-media":"","overlay-type":"","overlay-color":"","overlay-opacity":"","overlay-gradient":""},"mobile":{"background-color":"","background-image":"","background-repeat":"repeat","background-position":"center center","background-size":"auto","background-attachment":"scroll","background-type":"","background-media":"","overlay-type":"","overlay-color":"","overlay-opacity":"","overlay-gradient":""}},"ast-content-background-meta":{"desktop":{"background-color":"var(--ast-global-color-5)","background-image":"","background-repeat":"repeat","background-position":"center center","background-size":"auto","background-attachment":"scroll","background-type":"","background-media":"","overlay-type":"","overlay-color":"","overlay-opacity":"","overlay-gradient":""},"tablet":{"background-color":"var(--ast-global-color-5)","background-image":"","background-repeat":"repeat","background-position":"center center","background-size":"auto","background-attachment":"scroll","background-type":"","background-media":"","overlay-type":"","overlay-color":"","overlay-opacity":"","overlay-gradient":""},"mobile":{"background-color":"var(--ast-global-color-5)","background-image":"","background-repeat":"repeat","background-position":"center center","background-size":"auto","background-attachment":"scroll","background-type":"","background-media":"","overlay-type":"","overlay-color":"","overlay-opacity":"","overlay-gradient":""}},"footnotes":""},"class_list":["post-13588","page","type-page","status-publish","hentry"],"acf":[],"yoast_head":"<!-- This site is optimized with the Yoast SEO plugin v27.3 - https:\/\/yoast.com\/product\/yoast-seo-wordpress\/ -->\n<title>Mise \u00e0 jour sur le march\u00e9 canadien de l\u2019automobile : \u00e9tat de l\u2019industrie (T1 2025) | Soci\u00e9t\u00e9 TRADER<\/title>\n<meta name=\"robots\" content=\"index, follow, max-snippet:-1, max-image-preview:large, max-video-preview:-1\" \/>\n<link rel=\"canonical\" href=\"https:\/\/go.trader.ca\/fr\/enregistrements-de-webinaires-t1-2025\/\" \/>\n<meta property=\"og:locale\" content=\"fr_FR\" \/>\n<meta property=\"og:type\" content=\"article\" \/>\n<meta property=\"og:title\" content=\"Mise \u00e0 jour sur le march\u00e9 canadien de l\u2019automobile : \u00e9tat de l\u2019industrie (T1 2025) | Soci\u00e9t\u00e9 TRADER\" \/>\n<meta property=\"og:description\" content=\"[vc_row full_width=\u00a0\u00bbstretch_row\u00a0\u00bb][vc_column][vc_empty_space height=\u00a0\u00bb50px\u00a0\u00bb][vc_column_text] Enregistrement du webinaire Mise \u00e0 jour sur le march\u00e9 canadien de l&rsquo;automobile : \u00e9tat de l\u2019industrie [\/vc_column_text][vc_empty_space height=\u00a0\u00bb10px\u00a0\u00bb][vc_column_text]Diffus\u00e9 \u00e0 l&rsquo;origine : mai 2025[\/vc_column_text][vc_empty_space height=\u00a0\u00bb30px\u00a0\u00bb][vc_video link=\u00a0\u00bbhttps:\/\/youtu.be\/F6rdmL3UY2w\u00a0\u00bb align=\u00a0\u00bbcenter\u00a0\u00bb][vc_empty_space height=\u00a0\u00bb50px\u00a0\u00bb][vc_column_text]Pour les plus r\u00e9centes tendances de prix, \u00e9tudes de march\u00e9, sondages, recherches sur les acheteurs automobiles et autres contenus \u00e0 valeur ajout\u00e9e portant sur le march\u00e9\" \/>\n<meta property=\"og:url\" content=\"https:\/\/go.trader.ca\/fr\/enregistrements-de-webinaires-t1-2025\/\" \/>\n<meta property=\"og:site_name\" content=\"TRADER\" \/>\n<meta property=\"article:modified_time\" content=\"2025-12-11T03:38:54+00:00\" \/>\n<meta name=\"twitter:card\" content=\"summary_large_image\" \/>\n<meta name=\"twitter:label1\" content=\"Dur\u00e9e de lecture estim\u00e9e\" \/>\n\t<meta name=\"twitter:data1\" content=\"1 minute\" \/>\n<script type=\"application\/ld+json\" class=\"yoast-schema-graph\">{\"@context\":\"https:\\\/\\\/schema.org\",\"@graph\":[{\"@type\":\"WebPage\",\"@id\":\"https:\\\/\\\/go.trader.ca\\\/fr\\\/enregistrements-de-webinaires-t1-2025\\\/\",\"url\":\"https:\\\/\\\/go.trader.ca\\\/fr\\\/enregistrements-de-webinaires-t1-2025\\\/\",\"name\":\"Mise \u00e0 jour sur le march\u00e9 canadien de l\u2019automobile : \u00e9tat de l\u2019industrie (T1 2025) | Soci\u00e9t\u00e9 TRADER\",\"isPartOf\":{\"@id\":\"https:\\\/\\\/go.trader.ca\\\/#website\"},\"datePublished\":\"2025-07-31T16:30:47+00:00\",\"dateModified\":\"2025-12-11T03:38:54+00:00\",\"breadcrumb\":{\"@id\":\"https:\\\/\\\/go.trader.ca\\\/fr\\\/enregistrements-de-webinaires-t1-2025\\\/#breadcrumb\"},\"inLanguage\":\"fr-FR\",\"potentialAction\":[{\"@type\":\"ReadAction\",\"target\":[\"https:\\\/\\\/go.trader.ca\\\/fr\\\/enregistrements-de-webinaires-t1-2025\\\/\"]}]},{\"@type\":\"BreadcrumbList\",\"@id\":\"https:\\\/\\\/go.trader.ca\\\/fr\\\/enregistrements-de-webinaires-t1-2025\\\/#breadcrumb\",\"itemListElement\":[{\"@type\":\"ListItem\",\"position\":1,\"name\":\"Home\",\"item\":\"https:\\\/\\\/go.trader.ca\\\/fr\\\/\"},{\"@type\":\"ListItem\",\"position\":2,\"name\":\"Mise \u00e0 jour sur le march\u00e9 canadien de l\u2019automobile : \u00e9tat de l\u2019industrie (T1 2025)\"}]},{\"@type\":\"WebSite\",\"@id\":\"https:\\\/\\\/go.trader.ca\\\/#website\",\"url\":\"https:\\\/\\\/go.trader.ca\\\/\",\"name\":\"AutoTrader.ca & AutoHebdo.net\",\"description\":\"La plus grande et r\u00e9put\u00e9e place d\u2019affaires automobile au Canada\",\"publisher\":{\"@id\":\"https:\\\/\\\/go.trader.ca\\\/#organization\"},\"potentialAction\":[{\"@type\":\"SearchAction\",\"target\":{\"@type\":\"EntryPoint\",\"urlTemplate\":\"https:\\\/\\\/go.trader.ca\\\/?s={search_term_string}\"},\"query-input\":{\"@type\":\"PropertyValueSpecification\",\"valueRequired\":true,\"valueName\":\"search_term_string\"}}],\"inLanguage\":\"fr-FR\"},{\"@type\":\"Organization\",\"@id\":\"https:\\\/\\\/go.trader.ca\\\/#organization\",\"name\":\"AutoTrader.ca & AutoHebdo.net\",\"url\":\"https:\\\/\\\/go.trader.ca\\\/\",\"logo\":{\"@type\":\"ImageObject\",\"inLanguage\":\"fr-FR\",\"@id\":\"https:\\\/\\\/go.trader.ca\\\/#\\\/schema\\\/logo\\\/image\\\/\",\"url\":\"https:\\\/\\\/go.trader.ca\\\/wp-content\\\/uploads\\\/2024\\\/04\\\/Logo-AutoHebdo-FR.png\",\"contentUrl\":\"https:\\\/\\\/go.trader.ca\\\/wp-content\\\/uploads\\\/2024\\\/04\\\/Logo-AutoHebdo-FR.png\",\"width\":484,\"height\":52,\"caption\":\"AutoTrader.ca & AutoHebdo.net\"},\"image\":{\"@id\":\"https:\\\/\\\/go.trader.ca\\\/#\\\/schema\\\/logo\\\/image\\\/\"}}]}<\/script>\n<!-- \/ Yoast SEO plugin. -->","yoast_head_json":{"title":"Mise \u00e0 jour sur le march\u00e9 canadien de l\u2019automobile : \u00e9tat de l\u2019industrie (T1 2025) | Soci\u00e9t\u00e9 TRADER","robots":{"index":"index","follow":"follow","max-snippet":"max-snippet:-1","max-image-preview":"max-image-preview:large","max-video-preview":"max-video-preview:-1"},"canonical":"https:\/\/go.trader.ca\/fr\/enregistrements-de-webinaires-t1-2025\/","og_locale":"fr_FR","og_type":"article","og_title":"Mise \u00e0 jour sur le march\u00e9 canadien de l\u2019automobile : \u00e9tat de l\u2019industrie (T1 2025) | Soci\u00e9t\u00e9 TRADER","og_description":"[vc_row full_width=\u00a0\u00bbstretch_row\u00a0\u00bb][vc_column][vc_empty_space height=\u00a0\u00bb50px\u00a0\u00bb][vc_column_text] Enregistrement du webinaire Mise \u00e0 jour sur le march\u00e9 canadien de l&rsquo;automobile : \u00e9tat de l\u2019industrie [\/vc_column_text][vc_empty_space height=\u00a0\u00bb10px\u00a0\u00bb][vc_column_text]Diffus\u00e9 \u00e0 l&rsquo;origine : mai 2025[\/vc_column_text][vc_empty_space height=\u00a0\u00bb30px\u00a0\u00bb][vc_video link=\u00a0\u00bbhttps:\/\/youtu.be\/F6rdmL3UY2w\u00a0\u00bb align=\u00a0\u00bbcenter\u00a0\u00bb][vc_empty_space height=\u00a0\u00bb50px\u00a0\u00bb][vc_column_text]Pour les plus r\u00e9centes tendances de prix, \u00e9tudes de march\u00e9, sondages, recherches sur les acheteurs automobiles et autres contenus \u00e0 valeur ajout\u00e9e portant sur le march\u00e9","og_url":"https:\/\/go.trader.ca\/fr\/enregistrements-de-webinaires-t1-2025\/","og_site_name":"TRADER","article_modified_time":"2025-12-11T03:38:54+00:00","twitter_card":"summary_large_image","twitter_misc":{"Dur\u00e9e de lecture estim\u00e9e":"1 minute"},"schema":{"@context":"https:\/\/schema.org","@graph":[{"@type":"WebPage","@id":"https:\/\/go.trader.ca\/fr\/enregistrements-de-webinaires-t1-2025\/","url":"https:\/\/go.trader.ca\/fr\/enregistrements-de-webinaires-t1-2025\/","name":"Mise \u00e0 jour sur le march\u00e9 canadien de l\u2019automobile : \u00e9tat de l\u2019industrie (T1 2025) | Soci\u00e9t\u00e9 TRADER","isPartOf":{"@id":"https:\/\/go.trader.ca\/#website"},"datePublished":"2025-07-31T16:30:47+00:00","dateModified":"2025-12-11T03:38:54+00:00","breadcrumb":{"@id":"https:\/\/go.trader.ca\/fr\/enregistrements-de-webinaires-t1-2025\/#breadcrumb"},"inLanguage":"fr-FR","potentialAction":[{"@type":"ReadAction","target":["https:\/\/go.trader.ca\/fr\/enregistrements-de-webinaires-t1-2025\/"]}]},{"@type":"BreadcrumbList","@id":"https:\/\/go.trader.ca\/fr\/enregistrements-de-webinaires-t1-2025\/#breadcrumb","itemListElement":[{"@type":"ListItem","position":1,"name":"Home","item":"https:\/\/go.trader.ca\/fr\/"},{"@type":"ListItem","position":2,"name":"Mise \u00e0 jour sur le march\u00e9 canadien de l\u2019automobile : \u00e9tat de l\u2019industrie (T1 2025)"}]},{"@type":"WebSite","@id":"https:\/\/go.trader.ca\/#website","url":"https:\/\/go.trader.ca\/","name":"AutoTrader.ca & AutoHebdo.net","description":"La plus grande et r\u00e9put\u00e9e place d\u2019affaires automobile au Canada","publisher":{"@id":"https:\/\/go.trader.ca\/#organization"},"potentialAction":[{"@type":"SearchAction","target":{"@type":"EntryPoint","urlTemplate":"https:\/\/go.trader.ca\/?s={search_term_string}"},"query-input":{"@type":"PropertyValueSpecification","valueRequired":true,"valueName":"search_term_string"}}],"inLanguage":"fr-FR"},{"@type":"Organization","@id":"https:\/\/go.trader.ca\/#organization","name":"AutoTrader.ca & AutoHebdo.net","url":"https:\/\/go.trader.ca\/","logo":{"@type":"ImageObject","inLanguage":"fr-FR","@id":"https:\/\/go.trader.ca\/#\/schema\/logo\/image\/","url":"https:\/\/go.trader.ca\/wp-content\/uploads\/2024\/04\/Logo-AutoHebdo-FR.png","contentUrl":"https:\/\/go.trader.ca\/wp-content\/uploads\/2024\/04\/Logo-AutoHebdo-FR.png","width":484,"height":52,"caption":"AutoTrader.ca & AutoHebdo.net"},"image":{"@id":"https:\/\/go.trader.ca\/#\/schema\/logo\/image\/"}}]}},"_links":{"self":[{"href":"https:\/\/go.trader.ca\/fr\/wp-json\/wp\/v2\/pages\/13588","targetHints":{"allow":["GET"]}}],"collection":[{"href":"https:\/\/go.trader.ca\/fr\/wp-json\/wp\/v2\/pages"}],"about":[{"href":"https:\/\/go.trader.ca\/fr\/wp-json\/wp\/v2\/types\/page"}],"author":[{"embeddable":true,"href":"https:\/\/go.trader.ca\/fr\/wp-json\/wp\/v2\/users\/4"}],"replies":[{"embeddable":true,"href":"https:\/\/go.trader.ca\/fr\/wp-json\/wp\/v2\/comments?post=13588"}],"version-history":[{"count":0,"href":"https:\/\/go.trader.ca\/fr\/wp-json\/wp\/v2\/pages\/13588\/revisions"}],"wp:attachment":[{"href":"https:\/\/go.trader.ca\/fr\/wp-json\/wp\/v2\/media?parent=13588"}],"curies":[{"name":"wp","href":"https:\/\/api.w.org\/{rel}","templated":true}]}}